{"id":1257,"date":"2022-10-03T14:44:05","date_gmt":"2022-10-03T12:44:05","guid":{"rendered":"http:\/\/palma-videodanza.com\/festival-2022\/"},"modified":"2022-10-19T09:08:08","modified_gmt":"2022-10-19T07:08:08","slug":"festival-2022","status":"publish","type":"page","link":"http:\/\/palma-videodanza.com\/ca\/festival-2022\/","title":{"rendered":"2022"},"content":{"rendered":"<p><div class=\"fusion-fullwidth fullwidth-box fusion-builder-row-1 nonhundred-percent-fullwidth non-hundred-percent-height-scrolling\" style=\"--awb-border-radius-top-left:0px;--awb-border-radius-top-right:0px;--awb-border-radius-bottom-right:0px;--awb-border-radius-bottom-left:0px;--awb-padding-top:40px;--awb-flex-wrap:wrap;\" ><div class=\"fusion-builder-row fusion-row\"><div class=\"fusion-layout-column fusion_builder_column fusion-builder-column-0 fusion_builder_column_1_1 1_1 fusion-one-full fusion-column-first fusion-column-last\" style=\"--awb-bg-size:cover;\"><div class=\"fusion-column-wrapper fusion-column-has-shadow fusion-flex-column-wrapper-legacy\"><div class=\"fusion-title title fusion-title-1 fusion-sep-none fusion-title-center fusion-title-text fusion-title-size-two\" style=\"--awb-text-color:#09528f;\"><h2 class=\"fusion-title-heading title-heading-center fusion-responsive-typography-calculated\" style=\"margin:0;--fontSize:40;line-height:1.5;\">Divendres, 28 d&#8217;octubre 2022, de 20:00 -21:30<\/h2><\/div><div class=\"fusion-clearfix\"><\/div><\/div><\/div><div class=\"fusion-layout-column fusion_builder_column fusion-builder-column-1 fusion_builder_column_1_3 1_3 fusion-one-third fusion-column-first\" style=\"--awb-bg-size:cover;width:33.333333333333%;width:calc(33.333333333333% - ( ( 4% + 4% ) * 0.33333333333333 ) );margin-right: 4%;\"><div class=\"fusion-column-wrapper fusion-column-has-shadow fusion-flex-column-wrapper-legacy\"><div class=\"fusion-image-element fusion-image-align-center in-legacy-container\" style=\"text-align:center;--awb-caption-title-font-family:var(--h2_typography-font-family);--awb-caption-title-font-weight:var(--h2_typography-font-weight);--awb-caption-title-font-style:var(--h2_typography-font-style);--awb-caption-title-size:var(--h2_typography-font-size);--awb-caption-title-transform:var(--h2_typography-text-transform);--awb-caption-title-line-height:var(--h2_typography-line-height);--awb-caption-title-letter-spacing:var(--h2_typography-letter-spacing);\"><div class=\"imageframe-align-center\"><span class=\" fusion-imageframe imageframe-none imageframe-1 hover-type-none\"><img decoding=\"async\" width=\"800\" height=\"450\" title=\"Super Rosa@Letica Mari\u0301a\" src=\"http:\/\/palma-videodanza.com\/wp-content\/uploads\/2022\/10\/Super-Rosa@Letica-Mari\u0301a.jpg\" alt class=\"img-responsive wp-image-1159\" srcset=\"http:\/\/palma-videodanza.com\/wp-content\/uploads\/2022\/10\/Super-Rosa@Letica-Mari\u0301a-200x113.jpg 200w, http:\/\/palma-videodanza.com\/wp-content\/uploads\/2022\/10\/Super-Rosa@Letica-Mari\u0301a-400x225.jpg 400w, http:\/\/palma-videodanza.com\/wp-content\/uploads\/2022\/10\/Super-Rosa@Letica-Mari\u0301a-600x338.jpg 600w, http:\/\/palma-videodanza.com\/wp-content\/uploads\/2022\/10\/Super-Rosa@Letica-Mari\u0301a.jpg 800w\" sizes=\"(max-width: 1000px) 100vw, 400px\" \/><\/span><\/div><\/div><div class=\"fusion-text fusion-text-1\"><h3 style=\"text-align: center;\">Super Rosa<\/h3>\n<p style=\"text-align: center;\">Espanya, 2022<br \/>\nDirecci\u00f3 i coreografia: Leticia Maria<\/p>\n<\/div><div class=\"fusion-clearfix\"><\/div><\/div><\/div><div class=\"fusion-layout-column fusion_builder_column fusion-builder-column-2 fusion_builder_column_1_3 1_3 fusion-one-third\" style=\"--awb-bg-size:cover;width:33.333333333333%;width:calc(33.333333333333% - ( ( 4% + 4% ) * 0.33333333333333 ) );margin-right: 4%;\"><div class=\"fusion-column-wrapper fusion-column-has-shadow fusion-flex-column-wrapper-legacy\"><div class=\"fusion-image-element fusion-image-align-center in-legacy-container\" style=\"text-align:center;--awb-caption-title-font-family:var(--h2_typography-font-family);--awb-caption-title-font-weight:var(--h2_typography-font-weight);--awb-caption-title-font-style:var(--h2_typography-font-style);--awb-caption-title-size:var(--h2_typography-font-size);--awb-caption-title-transform:var(--h2_typography-text-transform);--awb-caption-title-line-height:var(--h2_typography-line-height);--awb-caption-title-letter-spacing:var(--h2_typography-letter-spacing);\"><div class=\"imageframe-align-center\"><span class=\" fusion-imageframe imageframe-none imageframe-2 hover-type-none\"><img decoding=\"async\" width=\"800\" height=\"450\" title=\"artemisa\" src=\"http:\/\/palma-videodanza.com\/wp-content\/uploads\/2022\/10\/artemisa.jpg\" alt class=\"img-responsive wp-image-1165\" srcset=\"http:\/\/palma-videodanza.com\/wp-content\/uploads\/2022\/10\/artemisa-200x113.jpg 200w, http:\/\/palma-videodanza.com\/wp-content\/uploads\/2022\/10\/artemisa-400x225.jpg 400w, http:\/\/palma-videodanza.com\/wp-content\/uploads\/2022\/10\/artemisa-600x338.jpg 600w, http:\/\/palma-videodanza.com\/wp-content\/uploads\/2022\/10\/artemisa.jpg 800w\" sizes=\"(max-width: 1000px) 100vw, 400px\" \/><\/span><\/div><\/div><div class=\"fusion-text fusion-text-2\"><h3 style=\"text-align: center;\">ARTEMISA<\/h3>\n<p style=\"text-align: center;\">Espanya ,2022<br \/>\nDirecci\u00f3 i coreografia: Leticia Maria<\/p>\n<\/div><div class=\"fusion-clearfix\"><\/div><\/div><\/div><div class=\"fusion-layout-column fusion_builder_column fusion-builder-column-3 fusion_builder_column_1_3 1_3 fusion-one-third fusion-column-last\" style=\"--awb-bg-size:cover;width:33.333333333333%;width:calc(33.333333333333% - ( ( 4% + 4% ) * 0.33333333333333 ) );\"><div class=\"fusion-column-wrapper fusion-column-has-shadow fusion-flex-column-wrapper-legacy\"><div class=\"fusion-image-element fusion-image-align-center in-legacy-container\" style=\"text-align:center;--awb-caption-title-font-family:var(--h2_typography-font-family);--awb-caption-title-font-weight:var(--h2_typography-font-weight);--awb-caption-title-font-style:var(--h2_typography-font-style);--awb-caption-title-size:var(--h2_typography-font-size);--awb-caption-title-transform:var(--h2_typography-text-transform);--awb-caption-title-line-height:var(--h2_typography-line-height);--awb-caption-title-letter-spacing:var(--h2_typography-letter-spacing);\"><div class=\"imageframe-align-center\"><span class=\" fusion-imageframe imageframe-none imageframe-3 hover-type-none\"><img decoding=\"async\" width=\"800\" height=\"450\" title=\"diosas\" src=\"http:\/\/palma-videodanza.com\/wp-content\/uploads\/2022\/10\/diosas.jpg\" alt class=\"img-responsive wp-image-1168\" srcset=\"http:\/\/palma-videodanza.com\/wp-content\/uploads\/2022\/10\/diosas-200x113.jpg 200w, http:\/\/palma-videodanza.com\/wp-content\/uploads\/2022\/10\/diosas-400x225.jpg 400w, http:\/\/palma-videodanza.com\/wp-content\/uploads\/2022\/10\/diosas-600x338.jpg 600w, http:\/\/palma-videodanza.com\/wp-content\/uploads\/2022\/10\/diosas.jpg 800w\" sizes=\"(max-width: 1000px) 100vw, 400px\" \/><\/span><\/div><\/div><div class=\"fusion-text fusion-text-3\"><h3 style=\"text-align: center;\">Diosas<\/h3>\n<p style=\"text-align: center;\">Espanya, 2022<br \/>\nDirecci\u00f3 i coreografia: Leticia Maria<\/p>\n<\/div><div class=\"fusion-clearfix\"><\/div><\/div><\/div><div class=\"fusion-layout-column fusion_builder_column fusion-builder-column-4 fusion_builder_column_1_3 1_3 fusion-one-third fusion-column-first\" style=\"--awb-bg-size:cover;width:33.333333333333%;width:calc(33.333333333333% - ( ( 4% + 4% ) * 0.33333333333333 ) );margin-right: 4%;\"><div class=\"fusion-column-wrapper fusion-column-has-shadow fusion-flex-column-wrapper-legacy\"><div class=\"fusion-image-element fusion-image-align-center in-legacy-container\" style=\"text-align:center;--awb-caption-title-font-family:var(--h2_typography-font-family);--awb-caption-title-font-weight:var(--h2_typography-font-weight);--awb-caption-title-font-style:var(--h2_typography-font-style);--awb-caption-title-size:var(--h2_typography-font-size);--awb-caption-title-transform:var(--h2_typography-text-transform);--awb-caption-title-line-height:var(--h2_typography-line-height);--awb-caption-title-letter-spacing:var(--h2_typography-letter-spacing);\"><div class=\"imageframe-align-center\"><span class=\" fusion-imageframe imageframe-none imageframe-4 hover-type-none\"><img decoding=\"async\" width=\"800\" height=\"450\" title=\"a corazon abierto\" src=\"http:\/\/palma-videodanza.com\/wp-content\/uploads\/2022\/10\/a-corazon-abierto.jpg\" alt class=\"img-responsive wp-image-1245\" srcset=\"http:\/\/palma-videodanza.com\/wp-content\/uploads\/2022\/10\/a-corazon-abierto-200x113.jpg 200w, http:\/\/palma-videodanza.com\/wp-content\/uploads\/2022\/10\/a-corazon-abierto-400x225.jpg 400w, http:\/\/palma-videodanza.com\/wp-content\/uploads\/2022\/10\/a-corazon-abierto-600x338.jpg 600w, http:\/\/palma-videodanza.com\/wp-content\/uploads\/2022\/10\/a-corazon-abierto.jpg 800w\" sizes=\"(max-width: 1000px) 100vw, 400px\" \/><\/span><\/div><\/div><div class=\"fusion-text fusion-text-4\"><h3 style=\"text-align: center;\">A coraz\u00f3n abierto<\/h3>\n<p style=\"text-align: center;\">Espanya, 2022<br \/>\nDirecci\u00f3 i coreografia: Rocio Fernandez<\/p>\n<\/div><div class=\"fusion-clearfix\"><\/div><\/div><\/div><div class=\"fusion-layout-column fusion_builder_column fusion-builder-column-5 fusion_builder_column_1_3 1_3 fusion-one-third\" style=\"--awb-bg-size:cover;width:33.333333333333%;width:calc(33.333333333333% - ( ( 4% + 4% ) * 0.33333333333333 ) );margin-right: 4%;\"><div class=\"fusion-column-wrapper fusion-column-has-shadow fusion-flex-column-wrapper-legacy\"><div class=\"fusion-image-element fusion-image-align-center in-legacy-container\" style=\"text-align:center;--awb-caption-title-font-family:var(--h2_typography-font-family);--awb-caption-title-font-weight:var(--h2_typography-font-weight);--awb-caption-title-font-style:var(--h2_typography-font-style);--awb-caption-title-size:var(--h2_typography-font-size);--awb-caption-title-transform:var(--h2_typography-text-transform);--awb-caption-title-line-height:var(--h2_typography-line-height);--awb-caption-title-letter-spacing:var(--h2_typography-letter-spacing);\"><div class=\"imageframe-align-center\"><span class=\" fusion-imageframe imageframe-none imageframe-5 hover-type-none\"><img decoding=\"async\" width=\"1920\" height=\"761\" title=\"Aguirre\" src=\"http:\/\/palma-videodanza.com\/wp-content\/uploads\/2022\/10\/Aguirre--e1664806098880.jpg\" alt class=\"img-responsive wp-image-1171\"\/><\/span><\/div><\/div><div class=\"fusion-text fusion-text-5\"><h3 style=\"text-align: center;\">Aguirre<\/h3>\n<p style=\"text-align: center;\">Puerto Rico, 2021<br \/>\nDirecci\u00f3 i coreografia: Eric Yamil Cruz, Sergio Daniel<\/p>\n<\/div><div class=\"fusion-clearfix\"><\/div><\/div><\/div><div class=\"fusion-layout-column fusion_builder_column fusion-builder-column-6 fusion_builder_column_1_3 1_3 fusion-one-third fusion-column-last\" style=\"--awb-bg-size:cover;width:33.333333333333%;width:calc(33.333333333333% - ( ( 4% + 4% ) * 0.33333333333333 ) );\"><div class=\"fusion-column-wrapper fusion-column-has-shadow fusion-flex-column-wrapper-legacy\"><div class=\"fusion-image-element fusion-image-align-center in-legacy-container\" style=\"text-align:center;--awb-caption-title-font-family:var(--h2_typography-font-family);--awb-caption-title-font-weight:var(--h2_typography-font-weight);--awb-caption-title-font-style:var(--h2_typography-font-style);--awb-caption-title-size:var(--h2_typography-font-size);--awb-caption-title-transform:var(--h2_typography-text-transform);--awb-caption-title-line-height:var(--h2_typography-line-height);--awb-caption-title-letter-spacing:var(--h2_typography-letter-spacing);\"><div class=\"imageframe-align-center\"><span class=\" fusion-imageframe imageframe-none imageframe-6 hover-type-none\"><img decoding=\"async\" width=\"1620\" height=\"1080\" title=\"Walks_With_Meedited_15\" src=\"http:\/\/palma-videodanza.com\/wp-content\/uploads\/2022\/10\/Walks_With_Meedited_15-e1664806146183.jpg\" alt class=\"img-responsive wp-image-1174\"\/><\/span><\/div><\/div><div class=\"fusion-text fusion-text-6\"><h3 style=\"text-align: center;\">Walks With Me<\/h3>\n<p style=\"text-align: center;\">Finl\u00e0ndia, 2021<br \/>\nDirecci\u00f3 i coreografia: Kati Kallio<\/p>\n<\/div><div class=\"fusion-clearfix\"><\/div><\/div><\/div><div class=\"fusion-layout-column fusion_builder_column fusion-builder-column-7 fusion_builder_column_1_3 1_3 fusion-one-third fusion-column-first\" style=\"--awb-bg-size:cover;width:33.333333333333%;width:calc(33.333333333333% - ( ( 4% + 4% ) * 0.33333333333333 ) );margin-right: 4%;\"><div class=\"fusion-column-wrapper fusion-column-has-shadow fusion-flex-column-wrapper-legacy\"><div class=\"fusion-image-element fusion-image-align-center in-legacy-container\" style=\"text-align:center;--awb-caption-title-font-family:var(--h2_typography-font-family);--awb-caption-title-font-weight:var(--h2_typography-font-weight);--awb-caption-title-font-style:var(--h2_typography-font-style);--awb-caption-title-size:var(--h2_typography-font-size);--awb-caption-title-transform:var(--h2_typography-text-transform);--awb-caption-title-line-height:var(--h2_typography-line-height);--awb-caption-title-letter-spacing:var(--h2_typography-letter-spacing);\"><div class=\"imageframe-align-center\"><span class=\" fusion-imageframe imageframe-none imageframe-7 hover-type-none\"><img decoding=\"async\" width=\"1920\" height=\"1080\" title=\"Breath\" src=\"http:\/\/palma-videodanza.com\/wp-content\/uploads\/2022\/10\/Breath-e1664806182665.jpg\" alt class=\"img-responsive wp-image-1177\"\/><\/span><\/div><\/div><div class=\"fusion-text fusion-text-7\"><h3 style=\"text-align: center;\">Breath<\/h3>\n<p style=\"text-align: center;\">Rumania, 2021<br \/>\nDirecci\u00f3: Catalin Rugina Coreograf\u00eda: Maria-Luiza Dimulescu<\/p>\n<\/div><div class=\"fusion-clearfix\"><\/div><\/div><\/div><div class=\"fusion-layout-column fusion_builder_column fusion-builder-column-8 fusion_builder_column_1_3 1_3 fusion-one-third\" style=\"--awb-bg-size:cover;width:33.333333333333%;width:calc(33.333333333333% - ( ( 4% + 4% ) * 0.33333333333333 ) );margin-right: 4%;\"><div class=\"fusion-column-wrapper fusion-column-has-shadow fusion-flex-column-wrapper-legacy\"><div class=\"fusion-image-element fusion-image-align-center in-legacy-container\" style=\"text-align:center;--awb-caption-title-font-family:var(--h2_typography-font-family);--awb-caption-title-font-weight:var(--h2_typography-font-weight);--awb-caption-title-font-style:var(--h2_typography-font-style);--awb-caption-title-size:var(--h2_typography-font-size);--awb-caption-title-transform:var(--h2_typography-text-transform);--awb-caption-title-line-height:var(--h2_typography-line-height);--awb-caption-title-letter-spacing:var(--h2_typography-letter-spacing);\"><div class=\"imageframe-align-center\"><span class=\" fusion-imageframe imageframe-none imageframe-8 hover-type-none\"><img decoding=\"async\" width=\"1680\" height=\"1050\" title=\"Lullaby\" src=\"http:\/\/palma-videodanza.com\/wp-content\/uploads\/2022\/10\/Lullaby-e1664806235241.jpg\" alt class=\"img-responsive wp-image-1180\"\/><\/span><\/div><\/div><div class=\"fusion-text fusion-text-8\"><h3 style=\"text-align: center;\">Lullaby<\/h3>\n<p style=\"text-align: center;\">R\u00fassia, 2022<br \/>\nDirecci\u00f3: Anna Ushannka Coreograf\u00eda: Sandra Lapinya<\/p>\n<\/div><div class=\"fusion-clearfix\"><\/div><\/div><\/div><div class=\"fusion-layout-column fusion_builder_column fusion-builder-column-9 fusion_builder_column_1_3 1_3 fusion-one-third fusion-column-last\" style=\"--awb-bg-size:cover;width:33.333333333333%;width:calc(33.333333333333% - ( ( 4% + 4% ) * 0.33333333333333 ) );\"><div class=\"fusion-column-wrapper fusion-column-has-shadow fusion-flex-column-wrapper-legacy\"><div class=\"fusion-image-element fusion-image-align-center in-legacy-container\" style=\"text-align:center;--awb-caption-title-font-family:var(--h2_typography-font-family);--awb-caption-title-font-weight:var(--h2_typography-font-weight);--awb-caption-title-font-style:var(--h2_typography-font-style);--awb-caption-title-size:var(--h2_typography-font-size);--awb-caption-title-transform:var(--h2_typography-text-transform);--awb-caption-title-line-height:var(--h2_typography-line-height);--awb-caption-title-letter-spacing:var(--h2_typography-letter-spacing);\"><div class=\"imageframe-align-center\"><span class=\" fusion-imageframe imageframe-none imageframe-9 hover-type-none\"><img decoding=\"async\" width=\"1920\" height=\"1038\" title=\"Fibonacci_screenshot06\" src=\"http:\/\/palma-videodanza.com\/wp-content\/uploads\/2022\/10\/Fibonacci_screenshot06-e1664806285133.jpg\" alt class=\"img-responsive wp-image-1183\"\/><\/span><\/div><\/div><div class=\"fusion-text fusion-text-9\"><h3 style=\"text-align: center;\">Fibonacci<\/h3>\n<p style=\"text-align: center;\">Rep\u00fablica Txeca, 2020<br \/>\nDirecci\u00f3: Tom\u00e1\u0161 Hub\u00e1\u010dek, Coreografia: Marie Gourdain<\/p>\n<\/div><div class=\"fusion-clearfix\"><\/div><\/div><\/div><\/div><\/div><div class=\"fusion-fullwidth fullwidth-box fusion-builder-row-2 nonhundred-percent-fullwidth non-hundred-percent-height-scrolling\" style=\"--awb-border-radius-top-left:0px;--awb-border-radius-top-right:0px;--awb-border-radius-bottom-right:0px;--awb-border-radius-bottom-left:0px;--awb-padding-top:70px;--awb-flex-wrap:wrap;\" ><div class=\"fusion-builder-row fusion-row\"><div class=\"fusion-layout-column fusion_builder_column fusion-builder-column-10 fusion_builder_column_1_1 1_1 fusion-one-full fusion-column-first fusion-column-last\" style=\"--awb-bg-size:cover;\"><div class=\"fusion-column-wrapper fusion-column-has-shadow fusion-flex-column-wrapper-legacy\"><div class=\"fusion-title title fusion-title-2 fusion-sep-none fusion-title-center fusion-title-text fusion-title-size-two\" style=\"--awb-text-color:#000000;--awb-margin-bottom:0px;--awb-margin-bottom-small:0px;\"><h2 class=\"fusion-title-heading title-heading-center fusion-responsive-typography-calculated\" style=\"margin:0;--fontSize:40;line-height:1.5;\">Programa infantil<\/h2><\/div><div class=\"fusion-title title fusion-title-3 fusion-sep-none fusion-title-center fusion-title-text fusion-title-size-two\" style=\"--awb-text-color:#09528f;\"><h2 class=\"fusion-title-heading title-heading-center fusion-responsive-typography-calculated\" style=\"margin:0;--fontSize:40;line-height:1.5;\">Dissabte, 29 d&#8217;octubre 2022, de 18:00 &#8211; 18:30<\/h2><\/div><div class=\"fusion-clearfix\"><\/div><\/div><\/div><div class=\"fusion-layout-column fusion_builder_column fusion-builder-column-11 fusion_builder_column_1_3 1_3 fusion-one-third fusion-column-first\" style=\"--awb-bg-size:cover;width:33.333333333333%;width:calc(33.333333333333% - ( ( 4% + 4% ) * 0.33333333333333 ) );margin-right: 4%;\"><div class=\"fusion-column-wrapper fusion-column-has-shadow fusion-flex-column-wrapper-legacy\"><div class=\"fusion-image-element fusion-image-align-center in-legacy-container\" style=\"text-align:center;--awb-caption-title-font-family:var(--h2_typography-font-family);--awb-caption-title-font-weight:var(--h2_typography-font-weight);--awb-caption-title-font-style:var(--h2_typography-font-style);--awb-caption-title-size:var(--h2_typography-font-size);--awb-caption-title-transform:var(--h2_typography-text-transform);--awb-caption-title-line-height:var(--h2_typography-line-height);--awb-caption-title-letter-spacing:var(--h2_typography-letter-spacing);\"><div class=\"imageframe-align-center\"><span class=\" fusion-imageframe imageframe-none imageframe-10 hover-type-none\"><img decoding=\"async\" width=\"1365\" height=\"770\" title=\"Drawing Blanc Stefan Varna2\" src=\"http:\/\/palma-videodanza.com\/wp-content\/uploads\/2022\/10\/Drawing-Blanc-Stefan-Varna2-e1664806323536.jpg\" alt class=\"img-responsive wp-image-1186\"\/><\/span><\/div><\/div><div class=\"fusion-text fusion-text-10\"><h3 style=\"text-align: center;\">Drawing Blank<\/h3>\n<p style=\"text-align: center;\">Canad\u00e0, 2012<br \/>\nDirecci\u00f3: Stefan Verna, Coreografia: Emily Hinegger<\/p>\n<\/div><div class=\"fusion-clearfix\"><\/div><\/div><\/div><div class=\"fusion-layout-column fusion_builder_column fusion-builder-column-12 fusion_builder_column_1_3 1_3 fusion-one-third\" style=\"--awb-bg-size:cover;width:33.333333333333%;width:calc(33.333333333333% - ( ( 4% + 4% ) * 0.33333333333333 ) );margin-right: 4%;\"><div class=\"fusion-column-wrapper fusion-column-has-shadow fusion-flex-column-wrapper-legacy\"><div class=\"fusion-image-element fusion-image-align-center in-legacy-container\" style=\"text-align:center;--awb-caption-title-font-family:var(--h2_typography-font-family);--awb-caption-title-font-weight:var(--h2_typography-font-weight);--awb-caption-title-font-style:var(--h2_typography-font-style);--awb-caption-title-size:var(--h2_typography-font-size);--awb-caption-title-transform:var(--h2_typography-text-transform);--awb-caption-title-line-height:var(--h2_typography-line-height);--awb-caption-title-letter-spacing:var(--h2_typography-letter-spacing);\"><div class=\"imageframe-align-center\"><span class=\" fusion-imageframe imageframe-none imageframe-11 hover-type-none\"><img decoding=\"async\" width=\"1878\" height=\"957\" title=\"Breakadventure(c)Igor_Krasik\" src=\"http:\/\/palma-videodanza.com\/wp-content\/uploads\/2022\/10\/BreakadventurecIgor_Krasik-e1664810239955.jpg\" alt class=\"img-responsive wp-image-1249\"\/><\/span><\/div><\/div><div class=\"fusion-text fusion-text-11\"><h3 style=\"text-align: center;\">Breakadventure<\/h3>\n<p style=\"text-align: center;\">Alemanya, 2015,<br \/>\nDirecci\u00f3: Igor Krasik<\/p>\n<\/div><div class=\"fusion-clearfix\"><\/div><\/div><\/div><div class=\"fusion-layout-column fusion_builder_column fusion-builder-column-13 fusion_builder_column_1_3 1_3 fusion-one-third fusion-column-last\" style=\"--awb-bg-size:cover;width:33.333333333333%;width:calc(33.333333333333% - ( ( 4% + 4% ) * 0.33333333333333 ) );\"><div class=\"fusion-column-wrapper fusion-column-has-shadow fusion-flex-column-wrapper-legacy\"><div class=\"fusion-image-element fusion-image-align-center in-legacy-container\" style=\"text-align:center;--awb-caption-title-font-family:var(--h2_typography-font-family);--awb-caption-title-font-weight:var(--h2_typography-font-weight);--awb-caption-title-font-style:var(--h2_typography-font-style);--awb-caption-title-size:var(--h2_typography-font-size);--awb-caption-title-transform:var(--h2_typography-text-transform);--awb-caption-title-line-height:var(--h2_typography-line-height);--awb-caption-title-letter-spacing:var(--h2_typography-letter-spacing);\"><div class=\"imageframe-align-center\"><span class=\" fusion-imageframe imageframe-none imageframe-12 hover-type-none\"><img decoding=\"async\" width=\"1920\" height=\"1080\" title=\"Little Dreams still01\" src=\"http:\/\/palma-videodanza.com\/wp-content\/uploads\/2022\/10\/Little-Dreams-still01-e1664806390960.jpg\" alt class=\"img-responsive wp-image-1189\"\/><\/span><\/div><\/div><div class=\"fusion-text fusion-text-12\"><h3 style=\"text-align: center;\">Little Dreams<\/h3>\n<p style=\"text-align: center;\">B\u00e8lgica, 2015<br \/>\nDirecci\u00f3 y coreografia: Wilkie Branson<\/p>\n<\/div><div class=\"fusion-clearfix\"><\/div><\/div><\/div><div class=\"fusion-layout-column fusion_builder_column fusion-builder-column-14 fusion_builder_column_1_3 1_3 fusion-one-third fusion-column-first\" style=\"--awb-bg-size:cover;width:33.333333333333%;width:calc(33.333333333333% - ( ( 4% ) * 0.33333333333333 ) );margin-right: 4%;\"><div class=\"fusion-column-wrapper fusion-column-has-shadow fusion-flex-column-wrapper-legacy\"><div class=\"fusion-image-element fusion-image-align-center in-legacy-container\" style=\"text-align:center;--awb-caption-title-font-family:var(--h2_typography-font-family);--awb-caption-title-font-weight:var(--h2_typography-font-weight);--awb-caption-title-font-style:var(--h2_typography-font-style);--awb-caption-title-size:var(--h2_typography-font-size);--awb-caption-title-transform:var(--h2_typography-text-transform);--awb-caption-title-line-height:var(--h2_typography-line-height);--awb-caption-title-letter-spacing:var(--h2_typography-letter-spacing);\"><div class=\"imageframe-align-center\"><span class=\" fusion-imageframe imageframe-none imageframe-13 hover-type-none\"><img decoding=\"async\" width=\"1920\" height=\"1080\" title=\"Ballet 1 (c) Gunja Bose\" src=\"http:\/\/palma-videodanza.com\/wp-content\/uploads\/2022\/10\/Ballet-1-c-Gunja-Bose-e1664806420543.jpg\" alt class=\"img-responsive wp-image-1192\"\/><\/span><\/div><\/div><div class=\"fusion-text fusion-text-13\"><h3 style=\"text-align: center;\">Ballett<\/h3>\n<p style=\"text-align: center;\">Indien, 2012<br \/>\nDirecci\u00f3: Sajid Hasan Dilawar y Gunja Bose<\/p>\n<\/div><div class=\"fusion-clearfix\"><\/div><\/div><\/div><div class=\"fusion-layout-column fusion_builder_column fusion-builder-column-15 fusion_builder_column_1_3 1_3 fusion-one-third fusion-column-last\" style=\"--awb-bg-size:cover;width:33.333333333333%;width:calc(33.333333333333% - ( ( 4% ) * 0.33333333333333 ) );\"><div class=\"fusion-column-wrapper fusion-column-has-shadow fusion-flex-column-wrapper-legacy\"><div class=\"fusion-image-element fusion-image-align-center in-legacy-container\" style=\"text-align:center;--awb-caption-title-font-family:var(--h2_typography-font-family);--awb-caption-title-font-weight:var(--h2_typography-font-weight);--awb-caption-title-font-style:var(--h2_typography-font-style);--awb-caption-title-size:var(--h2_typography-font-size);--awb-caption-title-transform:var(--h2_typography-text-transform);--awb-caption-title-line-height:var(--h2_typography-line-height);--awb-caption-title-letter-spacing:var(--h2_typography-letter-spacing);\"><div class=\"imageframe-align-center\"><span class=\" fusion-imageframe imageframe-none imageframe-14 hover-type-none\"><img decoding=\"async\" width=\"1920\" height=\"1080\" title=\"La Boite\" src=\"http:\/\/palma-videodanza.com\/wp-content\/uploads\/2022\/10\/La-Boite-e1664806473823.jpg\" alt class=\"img-responsive wp-image-1195\"\/><\/span><\/div><\/div><div class=\"fusion-text fusion-text-14\"><h3 style=\"text-align: center;\">La Boite<\/h3>\n<p style=\"text-align: center;\">Espanya, 2015<br \/>\nDirecci\u00f3: Marta Lafuente i Berberecho Productions<\/p>\n<\/div><div class=\"fusion-clearfix\"><\/div><\/div><\/div><\/div><\/div><div class=\"fusion-fullwidth fullwidth-box fusion-builder-row-3 nonhundred-percent-fullwidth non-hundred-percent-height-scrolling\" style=\"--awb-border-radius-top-left:0px;--awb-border-radius-top-right:0px;--awb-border-radius-bottom-right:0px;--awb-border-radius-bottom-left:0px;--awb-padding-top:70px;--awb-flex-wrap:wrap;\" ><div class=\"fusion-builder-row fusion-row\"><div class=\"fusion-layout-column fusion_builder_column fusion-builder-column-16 fusion_builder_column_1_1 1_1 fusion-one-full fusion-column-first fusion-column-last\" style=\"--awb-bg-size:cover;\"><div class=\"fusion-column-wrapper fusion-column-has-shadow fusion-flex-column-wrapper-legacy\"><div class=\"fusion-title title fusion-title-4 fusion-sep-none fusion-title-center fusion-title-text fusion-title-size-two\" style=\"--awb-text-color:#000000;--awb-margin-bottom:0px;--awb-margin-bottom-small:0px;\"><h2 class=\"fusion-title-heading title-heading-center fusion-responsive-typography-calculated\" style=\"margin:0;--fontSize:40;line-height:1.5;\">Realitat Virtual<\/h2><\/div><div class=\"fusion-title title fusion-title-5 fusion-sep-none fusion-title-center fusion-title-text fusion-title-size-two\" style=\"--awb-text-color:#09528f;\"><h2 class=\"fusion-title-heading title-heading-center fusion-responsive-typography-calculated\" style=\"margin:0;--fontSize:40;line-height:1.5;\">Dissabte, 29 d&#8217;octubre 2022, de 18:30 &#8211; 20:00<\/h2><\/div><div class=\"fusion-clearfix\"><\/div><\/div><\/div><div class=\"fusion-layout-column fusion_builder_column fusion-builder-column-17 fusion_builder_column_1_3 1_3 fusion-one-third fusion-column-first\" style=\"--awb-bg-size:cover;width:33.333333333333%;width:calc(33.333333333333% - ( ( 4% ) * 0.33333333333333 ) );margin-right: 4%;\"><div class=\"fusion-column-wrapper fusion-column-has-shadow fusion-flex-column-wrapper-legacy\"><div class=\"fusion-image-element fusion-image-align-center in-legacy-container\" style=\"text-align:center;--awb-caption-title-font-family:var(--h2_typography-font-family);--awb-caption-title-font-weight:var(--h2_typography-font-weight);--awb-caption-title-font-style:var(--h2_typography-font-style);--awb-caption-title-size:var(--h2_typography-font-size);--awb-caption-title-transform:var(--h2_typography-text-transform);--awb-caption-title-line-height:var(--h2_typography-line-height);--awb-caption-title-letter-spacing:var(--h2_typography-letter-spacing);\"><div class=\"imageframe-align-center\"><span class=\" fusion-imageframe imageframe-none imageframe-15 hover-type-none\"><img decoding=\"async\" width=\"800\" height=\"533\" title=\"Small spaces\" src=\"http:\/\/palma-videodanza.com\/wp-content\/uploads\/2022\/10\/Small-spaces-e1664806521524.jpg\" alt class=\"img-responsive wp-image-1198\"\/><\/span><\/div><\/div><div class=\"fusion-text fusion-text-15\"><h3 style=\"text-align: center;\">Small spaces between times and silences<\/h3>\n<p style=\"text-align: center;\">Canad\u00e0, 2019,<br \/>\nDirecci\u00f3 i coreografia: Anne-Marie Bouchard<\/p>\n<\/div><div class=\"fusion-clearfix\"><\/div><\/div><\/div><div class=\"fusion-layout-column fusion_builder_column fusion-builder-column-18 fusion_builder_column_1_3 1_3 fusion-one-third fusion-column-last\" style=\"--awb-bg-size:cover;width:33.333333333333%;width:calc(33.333333333333% - ( ( 4% ) * 0.33333333333333 ) );\"><div class=\"fusion-column-wrapper fusion-column-has-shadow fusion-flex-column-wrapper-legacy\"><div class=\"fusion-image-element fusion-image-align-center in-legacy-container\" style=\"text-align:center;--awb-caption-title-font-family:var(--h2_typography-font-family);--awb-caption-title-font-weight:var(--h2_typography-font-weight);--awb-caption-title-font-style:var(--h2_typography-font-style);--awb-caption-title-size:var(--h2_typography-font-size);--awb-caption-title-transform:var(--h2_typography-text-transform);--awb-caption-title-line-height:var(--h2_typography-line-height);--awb-caption-title-letter-spacing:var(--h2_typography-letter-spacing);\"><div class=\"imageframe-align-center\"><span class=\" fusion-imageframe imageframe-none imageframe-16 hover-type-none\"><img decoding=\"async\" width=\"1920\" height=\"1024\" title=\"5 Stages\" src=\"http:\/\/palma-videodanza.com\/wp-content\/uploads\/2022\/10\/5-Stages-e1664806583701.jpg\" alt class=\"img-responsive wp-image-1201\"\/><\/span><\/div><\/div><div class=\"fusion-text fusion-text-16\"><h3 style=\"text-align: center;\">5 Stages of Drowning<\/h3>\n<p style=\"text-align: center;\">EE.UU., 2021<br \/>\nDirecci\u00f3: Ed Talavera, Konstantia Kontaxis, Dennis Scholl, Rosie Herrera<\/p>\n<\/div><div class=\"fusion-clearfix\"><\/div><\/div><\/div><\/div><\/div><div class=\"fusion-fullwidth fullwidth-box fusion-builder-row-4 nonhundred-percent-fullwidth non-hundred-percent-height-scrolling\" style=\"--awb-border-radius-top-left:0px;--awb-border-radius-top-right:0px;--awb-border-radius-bottom-right:0px;--awb-border-radius-bottom-left:0px;--awb-padding-top:40px;--awb-flex-wrap:wrap;\" ><div class=\"fusion-builder-row fusion-row\"><div class=\"fusion-layout-column fusion_builder_column fusion-builder-column-19 fusion_builder_column_1_1 1_1 fusion-one-full fusion-column-first fusion-column-last\" style=\"--awb-bg-size:cover;\"><div class=\"fusion-column-wrapper fusion-column-has-shadow fusion-flex-column-wrapper-legacy\"><div class=\"fusion-title title fusion-title-6 fusion-sep-none fusion-title-center fusion-title-text fusion-title-size-two\" style=\"--awb-text-color:#09528f;\"><h2 class=\"fusion-title-heading title-heading-center fusion-responsive-typography-calculated\" style=\"margin:0;--fontSize:40;line-height:1.5;\">Dissabte, 29 d&#8217;octubre 2022, de 20:00 -21:30<\/h2><\/div><div class=\"fusion-clearfix\"><\/div><\/div><\/div><div class=\"fusion-layout-column fusion_builder_column fusion-builder-column-20 fusion_builder_column_1_3 1_3 fusion-one-third fusion-column-first\" style=\"--awb-bg-size:cover;width:33.333333333333%;width:calc(33.333333333333% - ( ( 4% + 4% ) * 0.33333333333333 ) );margin-right: 4%;\"><div class=\"fusion-column-wrapper fusion-column-has-shadow fusion-flex-column-wrapper-legacy\"><div class=\"fusion-image-element fusion-image-align-center in-legacy-container\" style=\"text-align:center;--awb-caption-title-font-family:var(--h2_typography-font-family);--awb-caption-title-font-weight:var(--h2_typography-font-weight);--awb-caption-title-font-style:var(--h2_typography-font-style);--awb-caption-title-size:var(--h2_typography-font-size);--awb-caption-title-transform:var(--h2_typography-text-transform);--awb-caption-title-line-height:var(--h2_typography-line-height);--awb-caption-title-letter-spacing:var(--h2_typography-letter-spacing);\"><div class=\"imageframe-align-center\"><span class=\" fusion-imageframe imageframe-none imageframe-17 hover-type-none\"><img decoding=\"async\" width=\"831\" height=\"450\" title=\"A dissociative experience\" src=\"http:\/\/palma-videodanza.com\/wp-content\/uploads\/2022\/10\/A-dissociative-experience-1-e1664806666245.jpg\" alt class=\"img-responsive wp-image-1207\"\/><\/span><\/div><\/div><div class=\"fusion-text fusion-text-17\"><h3 style=\"text-align: center;\">A dissociative experience<\/h3>\n<p style=\"text-align: center;\">Espanya, 2022<br \/>\nDirecci\u00f3: Bel\u00e9n Iniesta<br \/>\nCoreografia: Jes\u00fas Rubio Gamo<\/p>\n<\/div><div class=\"fusion-clearfix\"><\/div><\/div><\/div><div class=\"fusion-layout-column fusion_builder_column fusion-builder-column-21 fusion_builder_column_1_3 1_3 fusion-one-third\" style=\"--awb-bg-size:cover;width:33.333333333333%;width:calc(33.333333333333% - ( ( 4% + 4% ) * 0.33333333333333 ) );margin-right: 4%;\"><div class=\"fusion-column-wrapper fusion-column-has-shadow fusion-flex-column-wrapper-legacy\"><div class=\"fusion-image-element fusion-image-align-center in-legacy-container\" style=\"text-align:center;--awb-caption-title-font-family:var(--h2_typography-font-family);--awb-caption-title-font-weight:var(--h2_typography-font-weight);--awb-caption-title-font-style:var(--h2_typography-font-style);--awb-caption-title-size:var(--h2_typography-font-size);--awb-caption-title-transform:var(--h2_typography-text-transform);--awb-caption-title-line-height:var(--h2_typography-line-height);--awb-caption-title-letter-spacing:var(--h2_typography-letter-spacing);\"><div class=\"imageframe-align-center\"><span class=\" fusion-imageframe imageframe-none imageframe-18 hover-type-none\"><img decoding=\"async\" width=\"1920\" height=\"1080\" title=\"Sylphides\" src=\"http:\/\/palma-videodanza.com\/wp-content\/uploads\/2022\/10\/Sylphides-e1664806699256.jpg\" alt class=\"img-responsive wp-image-1210\"\/><\/span><\/div><\/div><div class=\"fusion-text fusion-text-18\"><h3 style=\"text-align: center;\">SYLPHIDES 3.1<\/h3>\n<p style=\"text-align: center;\">Brazil, 2022<br \/>\nDirecci\u00f3 i coreografia: Diego Mac<\/p>\n<\/div><div class=\"fusion-clearfix\"><\/div><\/div><\/div><div class=\"fusion-layout-column fusion_builder_column fusion-builder-column-22 fusion_builder_column_1_3 1_3 fusion-one-third fusion-column-last\" style=\"--awb-bg-size:cover;width:33.333333333333%;width:calc(33.333333333333% - ( ( 4% + 4% ) * 0.33333333333333 ) );\"><div class=\"fusion-column-wrapper fusion-column-has-shadow fusion-flex-column-wrapper-legacy\"><div class=\"fusion-image-element fusion-image-align-center in-legacy-container\" style=\"text-align:center;--awb-caption-title-font-family:var(--h2_typography-font-family);--awb-caption-title-font-weight:var(--h2_typography-font-weight);--awb-caption-title-font-style:var(--h2_typography-font-style);--awb-caption-title-size:var(--h2_typography-font-size);--awb-caption-title-transform:var(--h2_typography-text-transform);--awb-caption-title-line-height:var(--h2_typography-line-height);--awb-caption-title-letter-spacing:var(--h2_typography-letter-spacing);\"><div class=\"imageframe-align-center\"><span class=\" fusion-imageframe imageframe-none imageframe-19 hover-type-none\"><img decoding=\"async\" width=\"1621\" height=\"1080\" title=\"Almost Uninhabited\" src=\"http:\/\/palma-videodanza.com\/wp-content\/uploads\/2022\/10\/Almost-Uninhabited-e1664806762156.jpg\" alt class=\"img-responsive wp-image-1213\"\/><\/span><\/div><\/div><div class=\"fusion-text fusion-text-19\"><h3 style=\"text-align: center;\">Almost Uninhabited<\/h3>\n<p style=\"text-align: center;\">Portugal, 2022<br \/>\nDirecci\u00f3 i coreografia: Daniel Matos<\/p>\n<\/div><div class=\"fusion-clearfix\"><\/div><\/div><\/div><div class=\"fusion-layout-column fusion_builder_column fusion-builder-column-23 fusion_builder_column_1_3 1_3 fusion-one-third fusion-column-first\" style=\"--awb-bg-size:cover;width:33.333333333333%;width:calc(33.333333333333% - ( ( 4% + 4% ) * 0.33333333333333 ) );margin-right: 4%;\"><div class=\"fusion-column-wrapper fusion-column-has-shadow fusion-flex-column-wrapper-legacy\"><div class=\"fusion-image-element fusion-image-align-center in-legacy-container\" style=\"text-align:center;--awb-caption-title-font-family:var(--h2_typography-font-family);--awb-caption-title-font-weight:var(--h2_typography-font-weight);--awb-caption-title-font-style:var(--h2_typography-font-style);--awb-caption-title-size:var(--h2_typography-font-size);--awb-caption-title-transform:var(--h2_typography-text-transform);--awb-caption-title-line-height:var(--h2_typography-line-height);--awb-caption-title-letter-spacing:var(--h2_typography-letter-spacing);\"><div class=\"imageframe-align-center\"><span class=\" fusion-imageframe imageframe-none imageframe-20 hover-type-none\"><img decoding=\"async\" width=\"1600\" height=\"843\" title=\"And this is my body\" src=\"http:\/\/palma-videodanza.com\/wp-content\/uploads\/2022\/10\/And-this-is-my-body-e1664806818937.jpeg\" alt class=\"img-responsive wp-image-1216\"\/><\/span><\/div><\/div><div class=\"fusion-text fusion-text-20\"><h3 style=\"text-align: center;\">And this is my body<\/h3>\n<p style=\"text-align: center;\">Espanya, 2022<br \/>\nDirecci\u00f3: Concha Vidal<\/p>\n<\/div><div class=\"fusion-clearfix\"><\/div><\/div><\/div><div class=\"fusion-layout-column fusion_builder_column fusion-builder-column-24 fusion_builder_column_1_3 1_3 fusion-one-third\" style=\"--awb-bg-size:cover;width:33.333333333333%;width:calc(33.333333333333% - ( ( 4% + 4% ) * 0.33333333333333 ) );margin-right: 4%;\"><div class=\"fusion-column-wrapper fusion-column-has-shadow fusion-flex-column-wrapper-legacy\"><div class=\"fusion-image-element fusion-image-align-center in-legacy-container\" style=\"text-align:center;--awb-caption-title-font-family:var(--h2_typography-font-family);--awb-caption-title-font-weight:var(--h2_typography-font-weight);--awb-caption-title-font-style:var(--h2_typography-font-style);--awb-caption-title-size:var(--h2_typography-font-size);--awb-caption-title-transform:var(--h2_typography-text-transform);--awb-caption-title-line-height:var(--h2_typography-line-height);--awb-caption-title-letter-spacing:var(--h2_typography-letter-spacing);\"><div class=\"imageframe-align-center\"><span class=\" fusion-imageframe imageframe-none imageframe-21 hover-type-none\"><img decoding=\"async\" width=\"1920\" height=\"1013\" title=\"Downriver_Still_04\" src=\"http:\/\/palma-videodanza.com\/wp-content\/uploads\/2022\/10\/Downriver_Still_04-e1664806870281.jpg\" alt class=\"img-responsive wp-image-1219\"\/><\/span><\/div><\/div><div class=\"fusion-text fusion-text-21\"><h3 style=\"text-align: center;\">Downriver<\/h3>\n<p style=\"text-align: center;\">Su\u00efssa, 2020<br \/>\nDirecci\u00f3 i coreografia: Andrea Boll<\/p>\n<\/div><div class=\"fusion-clearfix\"><\/div><\/div><\/div><div class=\"fusion-layout-column fusion_builder_column fusion-builder-column-25 fusion_builder_column_1_3 1_3 fusion-one-third fusion-column-last\" style=\"--awb-bg-size:cover;width:33.333333333333%;width:calc(33.333333333333% - ( ( 4% + 4% ) * 0.33333333333333 ) );\"><div class=\"fusion-column-wrapper fusion-column-has-shadow fusion-flex-column-wrapper-legacy\"><div class=\"fusion-image-element fusion-image-align-center in-legacy-container\" style=\"text-align:center;--awb-caption-title-font-family:var(--h2_typography-font-family);--awb-caption-title-font-weight:var(--h2_typography-font-weight);--awb-caption-title-font-style:var(--h2_typography-font-style);--awb-caption-title-size:var(--h2_typography-font-size);--awb-caption-title-transform:var(--h2_typography-text-transform);--awb-caption-title-line-height:var(--h2_typography-line-height);--awb-caption-title-letter-spacing:var(--h2_typography-letter-spacing);\"><div class=\"imageframe-align-center\"><span class=\" fusion-imageframe imageframe-none imageframe-22 hover-type-none\"><img decoding=\"async\" width=\"800\" height=\"450\" title=\"inertia\" src=\"http:\/\/palma-videodanza.com\/wp-content\/uploads\/2022\/10\/inertia.jpg\" alt class=\"img-responsive wp-image-1222\" srcset=\"http:\/\/palma-videodanza.com\/wp-content\/uploads\/2022\/10\/inertia-200x113.jpg 200w, http:\/\/palma-videodanza.com\/wp-content\/uploads\/2022\/10\/inertia-400x225.jpg 400w, http:\/\/palma-videodanza.com\/wp-content\/uploads\/2022\/10\/inertia-600x338.jpg 600w, http:\/\/palma-videodanza.com\/wp-content\/uploads\/2022\/10\/inertia.jpg 800w\" sizes=\"(max-width: 1000px) 100vw, 400px\" \/><\/span><\/div><\/div><div class=\"fusion-text fusion-text-22\"><h3 style=\"text-align: center;\">Inertia<\/h3>\n<p style=\"text-align: center;\">Gr\u00e8cia, 2022<br \/>\nDirecci\u00f3: Aris Vedertsis<br \/>\nCoreografia: Sophia Pouchtou<\/p>\n<\/div><div class=\"fusion-clearfix\"><\/div><\/div><\/div><div class=\"fusion-layout-column fusion_builder_column fusion-builder-column-26 fusion_builder_column_1_3 1_3 fusion-one-third fusion-column-first\" style=\"--awb-bg-size:cover;width:33.333333333333%;width:calc(33.333333333333% - ( ( 4% + 4% ) * 0.33333333333333 ) );margin-right: 4%;\"><div class=\"fusion-column-wrapper fusion-column-has-shadow fusion-flex-column-wrapper-legacy\"><div class=\"fusion-image-element fusion-image-align-center in-legacy-container\" style=\"text-align:center;--awb-caption-title-font-family:var(--h2_typography-font-family);--awb-caption-title-font-weight:var(--h2_typography-font-weight);--awb-caption-title-font-style:var(--h2_typography-font-style);--awb-caption-title-size:var(--h2_typography-font-size);--awb-caption-title-transform:var(--h2_typography-text-transform);--awb-caption-title-line-height:var(--h2_typography-line-height);--awb-caption-title-letter-spacing:var(--h2_typography-letter-spacing);\"><div class=\"imageframe-align-center\"><span class=\" fusion-imageframe imageframe-none imageframe-23 hover-type-none\"><img decoding=\"async\" width=\"1920\" height=\"1078\" title=\"Silk\" src=\"http:\/\/palma-videodanza.com\/wp-content\/uploads\/2022\/10\/Silk-e1664806994977.jpg\" alt class=\"img-responsive wp-image-1225\"\/><\/span><\/div><\/div><div class=\"fusion-text fusion-text-23\"><h3 style=\"text-align: center;\">Silk Paper and Bruises<\/h3>\n<p style=\"text-align: center;\">Su\u00e8cia, 2021<br \/>\nDirecci\u00f3 i coreografia: Gabrielle Engdahl<\/p>\n<\/div><div class=\"fusion-clearfix\"><\/div><\/div><\/div><div class=\"fusion-layout-column fusion_builder_column fusion-builder-column-27 fusion_builder_column_1_3 1_3 fusion-one-third\" style=\"--awb-bg-size:cover;width:33.333333333333%;width:calc(33.333333333333% - ( ( 4% + 4% ) * 0.33333333333333 ) );margin-right: 4%;\"><div class=\"fusion-column-wrapper fusion-column-has-shadow fusion-flex-column-wrapper-legacy\"><div class=\"fusion-image-element fusion-image-align-center in-legacy-container\" style=\"text-align:center;--awb-caption-title-font-family:var(--h2_typography-font-family);--awb-caption-title-font-weight:var(--h2_typography-font-weight);--awb-caption-title-font-style:var(--h2_typography-font-style);--awb-caption-title-size:var(--h2_typography-font-size);--awb-caption-title-transform:var(--h2_typography-text-transform);--awb-caption-title-line-height:var(--h2_typography-line-height);--awb-caption-title-letter-spacing:var(--h2_typography-letter-spacing);\"><div class=\"imageframe-align-center\"><span class=\" fusion-imageframe imageframe-none imageframe-24 hover-type-none\"><img decoding=\"async\" width=\"1920\" height=\"1080\" title=\"SUPERSTORE_APE_still_CU_Marc__Jasper\" src=\"http:\/\/palma-videodanza.com\/wp-content\/uploads\/2022\/10\/SUPERSTORE_APE_still_CU_Marc__Jasper-e1664807023761.jpg\" alt class=\"img-responsive wp-image-1228\"\/><\/span><\/div><\/div><div class=\"fusion-text fusion-text-24\"><h3 style=\"text-align: center;\">SUPERSTORE APE<\/h3>\n<p style=\"text-align: center;\">Canada, 2021<br \/>\nDirecci\u00f3n y coreograf\u00eda: Allison Beda<\/p>\n<\/div><div class=\"fusion-clearfix\"><\/div><\/div><\/div><div class=\"fusion-layout-column fusion_builder_column fusion-builder-column-28 fusion_builder_column_1_3 1_3 fusion-one-third fusion-column-last\" style=\"--awb-bg-size:cover;width:33.333333333333%;width:calc(33.333333333333% - ( ( 4% + 4% ) * 0.33333333333333 ) );\"><div class=\"fusion-column-wrapper fusion-column-has-shadow fusion-flex-column-wrapper-legacy\"><div class=\"fusion-image-element fusion-image-align-center in-legacy-container\" style=\"text-align:center;--awb-caption-title-font-family:var(--h2_typography-font-family);--awb-caption-title-font-weight:var(--h2_typography-font-weight);--awb-caption-title-font-style:var(--h2_typography-font-style);--awb-caption-title-size:var(--h2_typography-font-size);--awb-caption-title-transform:var(--h2_typography-text-transform);--awb-caption-title-line-height:var(--h2_typography-line-height);--awb-caption-title-letter-spacing:var(--h2_typography-letter-spacing);\"><div class=\"imageframe-align-center\"><span class=\" fusion-imageframe imageframe-none imageframe-25 hover-type-none\"><img decoding=\"async\" width=\"1613\" height=\"1080\" title=\"Epicentre_5_Heidi_Zickler_OFFICIEL_COULEUR\" src=\"http:\/\/palma-videodanza.com\/wp-content\/uploads\/2022\/10\/Epicentre_5_Heidi_Zickler_OFFICIEL_COULEUR-e1664807082452.jpg\" alt class=\"img-responsive wp-image-1231\"\/><\/span><\/div><\/div><div class=\"fusion-text fusion-text-25\"><h3 style=\"text-align: center;\">\u00c8picentre<\/h3>\n<p style=\"text-align: center;\">Fran\u00e7a, 2021<br \/>\nDirecci\u00f3 i coreografia: Anne Nguyen, Greg Kozo<\/p>\n<\/div><div class=\"fusion-clearfix\"><\/div><\/div><\/div><div class=\"fusion-layout-column fusion_builder_column fusion-builder-column-29 fusion_builder_column_1_3 1_3 fusion-one-third fusion-column-first\" style=\"--awb-bg-size:cover;width:33.333333333333%;width:calc(33.333333333333% - ( ( 4% + 4% ) * 0.33333333333333 ) );margin-right: 4%;\"><div class=\"fusion-column-wrapper fusion-column-has-shadow fusion-flex-column-wrapper-legacy\"><div class=\"fusion-image-element fusion-image-align-center in-legacy-container\" style=\"text-align:center;--awb-caption-title-font-family:var(--h2_typography-font-family);--awb-caption-title-font-weight:var(--h2_typography-font-weight);--awb-caption-title-font-style:var(--h2_typography-font-style);--awb-caption-title-size:var(--h2_typography-font-size);--awb-caption-title-transform:var(--h2_typography-text-transform);--awb-caption-title-line-height:var(--h2_typography-line-height);--awb-caption-title-letter-spacing:var(--h2_typography-letter-spacing);\"><div class=\"imageframe-align-center\"><span class=\" fusion-imageframe imageframe-none imageframe-26 hover-type-none\"><img decoding=\"async\" width=\"1920\" height=\"1080\" title=\"REKT\" src=\"http:\/\/palma-videodanza.com\/wp-content\/uploads\/2022\/10\/REKT-e1664807114509.jpg\" alt class=\"img-responsive wp-image-1234\"\/><\/span><\/div><\/div><div class=\"fusion-text fusion-text-26\"><h3 style=\"text-align: center;\">REKT<\/h3>\n<p style=\"text-align: center;\">Regne Unit, 2021<br \/>\nDirecci\u00f3 i coreografia: Jamiel Laurence<\/p>\n<\/div><div class=\"fusion-clearfix\"><\/div><\/div><\/div><div class=\"fusion-layout-column fusion_builder_column fusion-builder-column-30 fusion_builder_column_1_3 1_3 fusion-one-third\" style=\"--awb-bg-size:cover;width:33.333333333333%;width:calc(33.333333333333% - ( ( 4% + 4% ) * 0.33333333333333 ) );margin-right: 4%;\"><div class=\"fusion-column-wrapper fusion-column-has-shadow fusion-flex-column-wrapper-legacy\"><div class=\"fusion-image-element fusion-image-align-center in-legacy-container\" style=\"text-align:center;--awb-caption-title-font-family:var(--h2_typography-font-family);--awb-caption-title-font-weight:var(--h2_typography-font-weight);--awb-caption-title-font-style:var(--h2_typography-font-style);--awb-caption-title-size:var(--h2_typography-font-size);--awb-caption-title-transform:var(--h2_typography-text-transform);--awb-caption-title-line-height:var(--h2_typography-line-height);--awb-caption-title-letter-spacing:var(--h2_typography-letter-spacing);\"><div class=\"imageframe-align-center\"><span class=\" fusion-imageframe imageframe-none imageframe-27 hover-type-none\"><img decoding=\"async\" width=\"1920\" height=\"811\" title=\"Fist\" src=\"http:\/\/palma-videodanza.com\/wp-content\/uploads\/2022\/10\/Fist-e1664807166139.jpg\" alt class=\"img-responsive wp-image-1237\"\/><\/span><\/div><\/div><div class=\"fusion-text fusion-text-27\"><h3 style=\"text-align: center;\">FIST<\/h3>\n<p style=\"text-align: center;\">Holanda, 2022<br \/>\nDirecci\u00f3: Erik Bos<br \/>\nCoreografia: Thomas Bos<\/p>\n<\/div><div class=\"fusion-clearfix\"><\/div><\/div><\/div><div class=\"fusion-layout-column fusion_builder_column fusion-builder-column-31 fusion_builder_column_1_3 1_3 fusion-one-third fusion-column-last\" style=\"--awb-bg-size:cover;width:33.333333333333%;width:calc(33.333333333333% - ( ( 4% + 4% ) * 0.33333333333333 ) );\"><div class=\"fusion-column-wrapper fusion-column-has-shadow fusion-flex-column-wrapper-legacy\"><div class=\"fusion-image-element fusion-image-align-center in-legacy-container\" style=\"text-align:center;--awb-caption-title-font-family:var(--h2_typography-font-family);--awb-caption-title-font-weight:var(--h2_typography-font-weight);--awb-caption-title-font-style:var(--h2_typography-font-style);--awb-caption-title-size:var(--h2_typography-font-size);--awb-caption-title-transform:var(--h2_typography-text-transform);--awb-caption-title-line-height:var(--h2_typography-line-height);--awb-caption-title-letter-spacing:var(--h2_typography-letter-spacing);\"><div class=\"imageframe-align-center\"><span class=\" fusion-imageframe imageframe-none imageframe-28 hover-type-none\"><img decoding=\"async\" width=\"1920\" height=\"1080\" title=\"John_L_black_midi_still_3\" src=\"http:\/\/palma-videodanza.com\/wp-content\/uploads\/2022\/10\/John_L_black_midi_still_3-e1664807197298.jpg\" alt class=\"img-responsive wp-image-1240\"\/><\/span><\/div><\/div><div class=\"fusion-text fusion-text-28\"><h3 style=\"text-align: center;\">&#8220;John L&#8221; black midi<\/h3>\n<p style=\"text-align: center;\">EE.UU., 2021<br \/>\nDirecci\u00f3 i coreografia: Nina McNeely<\/p>\n<\/div><div class=\"fusion-clearfix\"><\/div><\/div><\/div><\/div><\/div><\/p>\n","protected":false},"excerpt":{"rendered":"","protected":false},"author":1,"featured_media":0,"parent":0,"menu_order":0,"comment_status":"closed","ping_status":"closed","template":"100-width.php","meta":{"footnotes":""},"yoast_head":"<!-- This site is optimized with the Yoast SEO plugin v22.0 - https:\/\/yoast.com\/wordpress\/plugins\/seo\/ -->\n<title>2022 - Festival de Video Danza de Palma<\/title>\n<meta name=\"robots\" content=\"index, follow, max-snippet:-1, max-image-preview:large, max-video-preview:-1\" \/>\n<link rel=\"canonical\" href=\"http:\/\/palma-videodanza.com\/festival-2022\/\" \/>\n<meta property=\"og:locale\" content=\"ca_ES\" \/>\n<meta property=\"og:type\" content=\"article\" \/>\n<meta property=\"og:title\" content=\"2022 - Festival de Video Danza de Palma\" \/>\n<meta property=\"og:url\" content=\"http:\/\/palma-videodanza.com\/festival-2022\/\" \/>\n<meta property=\"og:site_name\" content=\"Festival de Video Danza de Palma\" \/>\n<meta property=\"article:modified_time\" content=\"2022-10-19T07:08:08+00:00\" \/>\n<meta name=\"twitter:card\" content=\"summary_large_image\" \/>\n<meta name=\"twitter:label1\" content=\"Temps estimat de lectura\" \/>\n\t<meta name=\"twitter:data1\" content=\"32 minuts\" \/>\n<script type=\"application\/ld+json\" class=\"yoast-schema-graph\">{\"@context\":\"https:\/\/schema.org\",\"@graph\":[{\"@type\":\"WebPage\",\"@id\":\"http:\/\/palma-videodanza.com\/festival-2022\/\",\"url\":\"http:\/\/palma-videodanza.com\/festival-2022\/\",\"name\":\"2022 - Festival de Video Danza de Palma\",\"isPartOf\":{\"@id\":\"http:\/\/palma-videodanza.com\/#website\"},\"datePublished\":\"2022-10-03T12:44:05+00:00\",\"dateModified\":\"2022-10-19T07:08:08+00:00\",\"breadcrumb\":{\"@id\":\"http:\/\/palma-videodanza.com\/festival-2022\/#breadcrumb\"},\"inLanguage\":\"ca\",\"potentialAction\":[{\"@type\":\"ReadAction\",\"target\":[\"http:\/\/palma-videodanza.com\/festival-2022\/\"]}]},{\"@type\":\"BreadcrumbList\",\"@id\":\"http:\/\/palma-videodanza.com\/festival-2022\/#breadcrumb\",\"itemListElement\":[{\"@type\":\"ListItem\",\"position\":1,\"name\":\"Portada\",\"item\":\"http:\/\/palma-videodanza.com\/\"},{\"@type\":\"ListItem\",\"position\":2,\"name\":\"2022\"}]},{\"@type\":\"WebSite\",\"@id\":\"http:\/\/palma-videodanza.com\/#website\",\"url\":\"http:\/\/palma-videodanza.com\/\",\"name\":\"Festival de Video Danza de Palma\",\"description\":\"\",\"potentialAction\":[{\"@type\":\"SearchAction\",\"target\":{\"@type\":\"EntryPoint\",\"urlTemplate\":\"http:\/\/palma-videodanza.com\/?s={search_term_string}\"},\"query-input\":\"required name=search_term_string\"}],\"inLanguage\":\"ca\"}]}<\/script>\n<!-- \/ Yoast SEO plugin. -->","yoast_head_json":{"title":"2022 - Festival de Video Danza de Palma","robots":{"index":"index","follow":"follow","max-snippet":"max-snippet:-1","max-image-preview":"max-image-preview:large","max-video-preview":"max-video-preview:-1"},"canonical":"http:\/\/palma-videodanza.com\/festival-2022\/","og_locale":"ca_ES","og_type":"article","og_title":"2022 - Festival de Video Danza de Palma","og_url":"http:\/\/palma-videodanza.com\/festival-2022\/","og_site_name":"Festival de Video Danza de Palma","article_modified_time":"2022-10-19T07:08:08+00:00","twitter_card":"summary_large_image","twitter_misc":{"Temps estimat de lectura":"32 minuts"},"schema":{"@context":"https:\/\/schema.org","@graph":[{"@type":"WebPage","@id":"http:\/\/palma-videodanza.com\/festival-2022\/","url":"http:\/\/palma-videodanza.com\/festival-2022\/","name":"2022 - Festival de Video Danza de Palma","isPartOf":{"@id":"http:\/\/palma-videodanza.com\/#website"},"datePublished":"2022-10-03T12:44:05+00:00","dateModified":"2022-10-19T07:08:08+00:00","breadcrumb":{"@id":"http:\/\/palma-videodanza.com\/festival-2022\/#breadcrumb"},"inLanguage":"ca","potentialAction":[{"@type":"ReadAction","target":["http:\/\/palma-videodanza.com\/festival-2022\/"]}]},{"@type":"BreadcrumbList","@id":"http:\/\/palma-videodanza.com\/festival-2022\/#breadcrumb","itemListElement":[{"@type":"ListItem","position":1,"name":"Portada","item":"http:\/\/palma-videodanza.com\/"},{"@type":"ListItem","position":2,"name":"2022"}]},{"@type":"WebSite","@id":"http:\/\/palma-videodanza.com\/#website","url":"http:\/\/palma-videodanza.com\/","name":"Festival de Video Danza de Palma","description":"","potentialAction":[{"@type":"SearchAction","target":{"@type":"EntryPoint","urlTemplate":"http:\/\/palma-videodanza.com\/?s={search_term_string}"},"query-input":"required name=search_term_string"}],"inLanguage":"ca"}]}},"_links":{"self":[{"href":"http:\/\/palma-videodanza.com\/ca\/wp-json\/wp\/v2\/pages\/1257"}],"collection":[{"href":"http:\/\/palma-videodanza.com\/ca\/wp-json\/wp\/v2\/pages"}],"about":[{"href":"http:\/\/palma-videodanza.com\/ca\/wp-json\/wp\/v2\/types\/page"}],"author":[{"embeddable":true,"href":"http:\/\/palma-videodanza.com\/ca\/wp-json\/wp\/v2\/users\/1"}],"replies":[{"embeddable":true,"href":"http:\/\/palma-videodanza.com\/ca\/wp-json\/wp\/v2\/comments?post=1257"}],"version-history":[{"count":3,"href":"http:\/\/palma-videodanza.com\/ca\/wp-json\/wp\/v2\/pages\/1257\/revisions"}],"predecessor-version":[{"id":1281,"href":"http:\/\/palma-videodanza.com\/ca\/wp-json\/wp\/v2\/pages\/1257\/revisions\/1281"}],"wp:attachment":[{"href":"http:\/\/palma-videodanza.com\/ca\/wp-json\/wp\/v2\/media?parent=1257"}],"curies":[{"name":"wp","href":"https:\/\/api.w.org\/{rel}","templated":true}]}}